{"id":1001,"date":"2024-04-15T23:02:48","date_gmt":"2024-04-15T23:02:48","guid":{"rendered":"https:\/\/swissbeautypro.com\/?post_type=product&#038;p=1001"},"modified":"2026-02-25T21:14:48","modified_gmt":"2026-02-25T21:14:48","slug":"green-tea-tree","status":"publish","type":"product","link":"https:\/\/swissbeautypro.com\/fr\/produit\/green-tea-tree\/","title":{"rendered":"GREEN TEA TREE"},"content":{"rendered":"<p><span style=\"color: #000000;\"><strong>DESCRIPTION:<\/strong><\/span><\/p>\n<p class=\" translation-block\">Le th\u00e9 vert matcha bio contient 137 antioxydants (appel\u00e9s cat\u00e9chines) qui ralentissent le processus \nde vieillissement produit naturellement par les substances qui oxydent les cellules. Il est riche en \nvitamine C, magn\u00e9sium, chrome, vitamine K, zinc, s\u00e9l\u00e9nium et chlorophylle, qui fournissent ses \nbienfaits anti-inflammatoires qui aident \u00e0 d\u00e9toxifier, apaiser et nettoyer la peau, ainsi qu'\u00e0 stimuler \nl'activit\u00e9 cellulaire et le m\u00e9tabolisme.<\/p>\n<p><span style=\"color: #000000;\"><strong>PRINCIPES ACTIFS:<\/strong><\/span><\/p>\n<p>Th\u00e9 vert biologique<br \/>\n\u2022 Matcha biologique<br \/>\n\u2022 Poudre de cam\u00e9lia<br \/>\n\u2022 Poudre de coco<br \/>\n\u00c9lectrolyte organique<\/p>\n<p><span style=\"color: #000000;\"><strong>TYPE DE PEAU \/ PR\u00c9OCCUPATIONS CUTAN\u00c9ES :<\/strong> <\/span><\/p>\n<p class=\" translation-block\">Antioxydant, Calmant, R\u00e9duire les rougeurs, R\u00e9duire l'inflammation, Peau grasse<\/p>\n<p><span style=\"color: #000000;\"><strong>MODE D\u2019EMPLOI :<\/strong><\/span><\/p>\n<p class=\" translation-block\">\u2022 M\u00e9langer 50 ml de produit avec 40 ml d'eau.<br>\n\u2022 Appliquer sur la surface cutan\u00e9e \u00e0 traiter.<br>\n\u2022 Laisser agir 20 minutes et retirer.<\/p>\n<p><span style=\"color: #000000;\"><strong>APPLICAZIONI:<\/strong><\/span><\/p>\n<p>Visage : 17 applications.<br \/>\nVisage et cou : 10 applications.<\/p>\n<p><strong><span style=\"color: #000000;\">CONTENU:<\/span> <\/strong><\/p>\n<p>500g<\/p>","protected":false},"excerpt":{"rendered":"<p><span style=\"color: #000000;\">Livraison 2-3 jours ouvrables<\/span><\/p>","protected":false},"featured_media":1002,"comment_status":"open","ping_status":"closed","template":"","meta":[],"product_cat":[111,115,116,118,120,70,71],"product_tag":[85,82,77,88,81],"class_list":{"0":"post-1001","1":"product","2":"type-product","3":"status-publish","4":"has-post-thumbnail","6":"product_brand-esthemax","7":"product_cat-antioxidant","8":"product_cat-irritated-skin","9":"product_cat-led-lamp","10":"product_cat-oily-skin","11":"product_cat-redness","12":"product_cat-products","13":"product_cat-hydrojelly-mask","14":"product_tag-antioxidant","15":"product_tag-irritated-skin","16":"product_tag-led-lamp","17":"product_tag-oily-skin","18":"product_tag-redness","20":"first","21":"outofstock","22":"taxable","23":"shipping-taxable","24":"product-type-simple"},"_links":{"self":[{"href":"https:\/\/swissbeautypro.com\/fr\/wp-json\/wp\/v2\/product\/1001","targetHints":{"allow":["GET"]}}],"collection":[{"href":"https:\/\/swissbeautypro.com\/fr\/wp-json\/wp\/v2\/product"}],"about":[{"href":"https:\/\/swissbeautypro.com\/fr\/wp-json\/wp\/v2\/types\/product"}],"replies":[{"embeddable":true,"href":"https:\/\/swissbeautypro.com\/fr\/wp-json\/wp\/v2\/comments?post=1001"}],"version-history":[{"count":5,"href":"https:\/\/swissbeautypro.com\/fr\/wp-json\/wp\/v2\/product\/1001\/revisions"}],"predecessor-version":[{"id":2941,"href":"https:\/\/swissbeautypro.com\/fr\/wp-json\/wp\/v2\/product\/1001\/revisions\/2941"}],"wp:featuredmedia":[{"embeddable":true,"href":"https:\/\/swissbeautypro.com\/fr\/wp-json\/wp\/v2\/media\/1002"}],"wp:attachment":[{"href":"https:\/\/swissbeautypro.com\/fr\/wp-json\/wp\/v2\/media?parent=1001"}],"wp:term":[{"taxonomy":"product_cat","embeddable":true,"href":"https:\/\/swissbeautypro.com\/fr\/wp-json\/wp\/v2\/product_cat?post=1001"},{"taxonomy":"product_tag","embeddable":true,"href":"https:\/\/swissbeautypro.com\/fr\/wp-json\/wp\/v2\/product_tag?post=1001"}],"curies":[{"name":"wp","href":"https:\/\/api.w.org\/{rel}","templated":true}]}}