{"id":1060,"date":"2024-04-16T00:17:49","date_gmt":"2024-04-16T00:17:49","guid":{"rendered":"https:\/\/swissbeautypro.com\/?post_type=product&#038;p=1060"},"modified":"2026-03-11T19:22:58","modified_gmt":"2026-03-11T19:22:58","slug":"super-greens-strength","status":"publish","type":"product","link":"https:\/\/swissbeautypro.com\/fr\/produit\/super-greens-strength\/","title":{"rendered":"SUPER GREENS STRENGTH"},"content":{"rendered":"<p><span style=\"color: #000000;\"><strong>DESCRIPTION:<\/strong><\/span><\/p>\n<p class=\" translation-block\">Cela aide \u00e0 pr\u00e9venir les signes visibles du vieillissement. <br>\n\u2022 Riche en micronutriments, flavono\u00efdes et phytonutriments qui restaient le pH de la peau et \npermettent la synth\u00e8se de nouvelles prot\u00e9ines. <br>\n\u2022 Il traite la peau s\u00e8che balan\u00e7ant la graisse et la distribution de l'eau. <br>\n\u2022 R\u00e9duit les impuret\u00e9s de la peau et l'apparition des cicatrices d'acn\u00e9. <br>\n\u2022 R\u00e9duire l'apparence des cernes <br>\n\u2022 Il contient des niveaux \u00e9lev\u00e9s de vitamine A et C.<\/p>\n<p><span style=\"color: #000000;\"><strong>TYPE DE PEAU \/ PR\u00c9OCCUPATIONS CUTAN\u00c9ES :<\/strong> <\/span><\/p>\n<p class=\" translation-block\">Indiqu\u00e9 pour la peau grasse, la peau \u00e2g\u00e9e, avec des \ncernes.<\/p>\n<p><span style=\"color: #000000;\"><strong>INGR\u00c9DIENTS ACTIFS :<\/strong><\/span><\/p>\n<p class=\" translation-block\">\u2022 Farine d'avoine biologique. <br>\n\u2022 Farine de riz biologique.<br>\n\u2022 Farine d'orge biologique.<br>\n\u2022 Poudre de chou fris\u00e9 biologique.<br>\n\u2022 Poudre d'\u00e9pinards biologiques.<br>\n\u2022 Poudre de spiruline biologique.<br>\n\u2022 Poudre de moringa biologique.<br>\n\u2022 Poudre d'ac\u00e9rola biologique.<br>\n\u2022 Poudre d'olive biologique.<br>\n\u2022 Poudre de psyllium et de baobad biologiques.<br>\n\u2022 Poudre de luzerne biologique.<\/p>\n<p><span style=\"color: #000000;\"><strong>INGR\u00c9DIENTS:<\/strong><\/span><\/p>\n<p class=\" translation-block\">Baie de Goji bio Berry et grenade de potassium, alginate de potassium, alginate de sodium, farine \nd'avoine \u00e0 grains entiers bio, farine de riz blanc biologique, glucose, silika, poudre d'\u00e9corce blanche \nbiologique, graines de kiwi, poudre de baies de goji bio (lycium barbarum), poudre de grenade \norganique, calcium Sulfate, potassium, magn\u00e9sium, sodium, chlorure, bicarbonate, pyrophosphate \nde sodium, oxydes de fer, parfum.<\/p>\n<p><span style=\"color: #000000;\"><strong>MODE D\u2019EMPLOI :<\/strong><\/span><\/p>\n<p>\u2022 M\u00e9langer 50 ml du produit avec 40 ml d'eau.<br \/>\n\u2022 Appliquer sur la surface de la peau \u00e0 traiter.<br \/>\nLaisser agir 20 minutes et retirer.<\/p>\n<p><span style=\"color: #000000;\"><strong>APPLICAZIONI:<\/strong><\/span><\/p>\n<p>Visage : 17 applications.<br \/>\nVisage et cou : 10 applications.<\/p>\n<p><span style=\"color: #000000;\"><strong>CONTENU:<\/strong> <\/span><\/p>\n<p>500gr<\/p>","protected":false},"excerpt":{"rendered":"<p><span style=\"color: #000000;\">Livraison 2-3 jours ouvrables<\/span><\/p>","protected":false},"featured_media":1061,"comment_status":"open","ping_status":"closed","template":"","meta":[],"product_cat":[107,111,113,114,116,118,70,71],"product_tag":[86,85,73,74,77,88],"class_list":{"0":"post-1060","1":"product","2":"type-product","3":"status-publish","4":"has-post-thumbnail","6":"product_brand-esthemax","7":"product_cat-acne","8":"product_cat-antioxidant","9":"product_cat-dry-skin","10":"product_cat-dull-skin","11":"product_cat-led-lamp","12":"product_cat-oily-skin","13":"product_cat-products","14":"product_cat-hydrojelly-mask","15":"product_tag-acne","16":"product_tag-antioxidant","17":"product_tag-dry-skin","18":"product_tag-dull-skin","19":"product_tag-led-lamp","20":"product_tag-oily-skin","22":"first","23":"outofstock","24":"taxable","25":"shipping-taxable","26":"product-type-simple"},"_links":{"self":[{"href":"https:\/\/swissbeautypro.com\/fr\/wp-json\/wp\/v2\/product\/1060","targetHints":{"allow":["GET"]}}],"collection":[{"href":"https:\/\/swissbeautypro.com\/fr\/wp-json\/wp\/v2\/product"}],"about":[{"href":"https:\/\/swissbeautypro.com\/fr\/wp-json\/wp\/v2\/types\/product"}],"replies":[{"embeddable":true,"href":"https:\/\/swissbeautypro.com\/fr\/wp-json\/wp\/v2\/comments?post=1060"}],"version-history":[{"count":4,"href":"https:\/\/swissbeautypro.com\/fr\/wp-json\/wp\/v2\/product\/1060\/revisions"}],"predecessor-version":[{"id":2928,"href":"https:\/\/swissbeautypro.com\/fr\/wp-json\/wp\/v2\/product\/1060\/revisions\/2928"}],"wp:featuredmedia":[{"embeddable":true,"href":"https:\/\/swissbeautypro.com\/fr\/wp-json\/wp\/v2\/media\/1061"}],"wp:attachment":[{"href":"https:\/\/swissbeautypro.com\/fr\/wp-json\/wp\/v2\/media?parent=1060"}],"wp:term":[{"taxonomy":"product_cat","embeddable":true,"href":"https:\/\/swissbeautypro.com\/fr\/wp-json\/wp\/v2\/product_cat?post=1060"},{"taxonomy":"product_tag","embeddable":true,"href":"https:\/\/swissbeautypro.com\/fr\/wp-json\/wp\/v2\/product_tag?post=1060"}],"curies":[{"name":"wp","href":"https:\/\/api.w.org\/{rel}","templated":true}]}}