{"id":1150,"date":"2024-04-16T10:59:15","date_gmt":"2024-04-16T10:59:15","guid":{"rendered":"https:\/\/swissbeautypro.com\/?post_type=product&#038;p=1150"},"modified":"2026-02-25T20:18:36","modified_gmt":"2026-02-25T20:18:36","slug":"hydro-cure-serum","status":"publish","type":"product","link":"https:\/\/swissbeautypro.com\/fr\/produit\/hydro-cure-serum\/","title":{"rendered":"HYDRO CURE SERUM."},"content":{"rendered":"<p><span style=\"color: #000000;\"><strong>DESCRIPTION<\/strong>:<\/span><\/p>\n<p class=\" translation-block\">Son ingr\u00e9dient actif est l'ur\u00e9e. Il est id\u00e9al comme adjuvant dans le traitement des affections \ndesquamatives s\u00e9v\u00e8res telles que le psoriasis, l'ecz\u00e9ma ou les changements hormonaux qui \nd\u00e9shydratent la peau comme la m\u00e9nopause. Gr\u00e2ce \u00e0 son action hydratante et k\u00e9ratolytique, il cr\u00e9e \nune barri\u00e8re protectrice qui aide \u00e0 pr\u00e9server l'humidit\u00e9 de la peau. <br>\nProtocoles recommand\u00e9s : r\u00e9g\u00e9n\u00e9ration et hydratation de la peau<\/p>\n<p><span style=\"color: #000000;\"><strong>TYPE DE PEAU \/ PR\u00c9OCCUPATIONS CUTAN\u00c9ES :<\/strong><\/span><\/p>\n<p>Peau s\u00e8che, Peau terne, Rides<\/p>\n<p><span style=\"color: #000000;\"><strong>CONTENU<\/strong><\/span><br \/>\n100 ml<\/p>\n<p><span style=\"color: #000000;\"><strong>APPLICATIONS:<\/strong><\/span><br \/>\n80 applications<\/p>\n<p><span style=\"color: #000000;\"><strong>HYDROJELLY MASK ASSORTI:<\/strong><\/span><br \/>\nRadiance biotin, Hyaluronic acid<\/p>","protected":false},"excerpt":{"rendered":"<p><span style=\"color: #000000;\">Livraison 2-3 jours ouvrables<\/span><\/p>","protected":false},"featured_media":1151,"comment_status":"open","ping_status":"closed","template":"","meta":[],"product_cat":[113,114,125,70,95],"product_tag":[73,74,79],"class_list":{"0":"post-1150","1":"product","2":"type-product","3":"status-publish","4":"has-post-thumbnail","6":"product_brand-esthemax","7":"product_cat-dry-skin","8":"product_cat-dull-skin","9":"product_cat-wrinkles","10":"product_cat-products","11":"product_cat-serums","12":"product_tag-dry-skin","13":"product_tag-dull-skin","14":"product_tag-wrinkles","16":"first","17":"outofstock","18":"taxable","19":"shipping-taxable","20":"product-type-simple"},"_links":{"self":[{"href":"https:\/\/swissbeautypro.com\/fr\/wp-json\/wp\/v2\/product\/1150","targetHints":{"allow":["GET"]}}],"collection":[{"href":"https:\/\/swissbeautypro.com\/fr\/wp-json\/wp\/v2\/product"}],"about":[{"href":"https:\/\/swissbeautypro.com\/fr\/wp-json\/wp\/v2\/types\/product"}],"replies":[{"embeddable":true,"href":"https:\/\/swissbeautypro.com\/fr\/wp-json\/wp\/v2\/comments?post=1150"}],"version-history":[{"count":5,"href":"https:\/\/swissbeautypro.com\/fr\/wp-json\/wp\/v2\/product\/1150\/revisions"}],"predecessor-version":[{"id":2909,"href":"https:\/\/swissbeautypro.com\/fr\/wp-json\/wp\/v2\/product\/1150\/revisions\/2909"}],"wp:featuredmedia":[{"embeddable":true,"href":"https:\/\/swissbeautypro.com\/fr\/wp-json\/wp\/v2\/media\/1151"}],"wp:attachment":[{"href":"https:\/\/swissbeautypro.com\/fr\/wp-json\/wp\/v2\/media?parent=1150"}],"wp:term":[{"taxonomy":"product_cat","embeddable":true,"href":"https:\/\/swissbeautypro.com\/fr\/wp-json\/wp\/v2\/product_cat?post=1150"},{"taxonomy":"product_tag","embeddable":true,"href":"https:\/\/swissbeautypro.com\/fr\/wp-json\/wp\/v2\/product_tag?post=1150"}],"curies":[{"name":"wp","href":"https:\/\/api.w.org\/{rel}","templated":true}]}}