{"id":3326,"date":"2025-01-11T14:58:04","date_gmt":"2025-01-11T14:58:04","guid":{"rendered":"https:\/\/swissbeautypro.com\/?post_type=product&#038;p=3326"},"modified":"2025-12-15T21:56:33","modified_gmt":"2025-12-15T21:56:33","slug":"pumpkin-face-mask","status":"publish","type":"product","link":"https:\/\/swissbeautypro.com\/fr\/produit\/pumpkin-face-mask\/","title":{"rendered":"Pumpkin Face Mask"},"content":{"rendered":"<p><span style=\"color: #000000;\"><strong>DESCRIPTION:<\/strong><\/span><\/p>\n<p>Masque au potiron, qui est riche en vitamines A et C, en b\u00eata-carot\u00e8ne, en potassium et en\nantioxydants.<br \/>\nLe masque pour le visage au potiron aide \u00e0 nourrir, lisser, apaiser et calmer la peau.\nFavorise la production de collag\u00e8ne pour pr\u00e9venir les signes de vieillissement et les ridules.<\/p>\n<p><strong><span style=\"color: #000000;\">TYPE DE PEAU \/ PR\u00c9OCCUPATIONS CUTAN\u00c9ES :<\/span><\/strong> Id\u00e9al pour les peaux extra-s\u00e8ches, pigment\u00e9es et ternes.<\/p>\n<p><strong><span style=\"color: #000000;\">MODE D\u2019EMPLOI :<\/span><\/strong><\/p>\n<p class=\" translation-block\">Appliquez le masque uniform\u00e9ment sur la peau apr\u00e8s l'avoir nettoy\u00e9e. <br>\nLaissez le masque agir pendant environ 10 minutes avant de l'essuyer avec une \u00e9ponge ou une serviette humide<\/p>\n<p><strong><span style=\"color: #000000;\">APPLICATIONS:<\/span><\/strong><br \/>\nVisage : 40 applications.<\/p>\n<p><strong><span style=\"color: #000000;\">CONTENU:<\/span><\/strong> 225 ml<\/p>","protected":false},"excerpt":{"rendered":"<p>DESCRIPTION: Pumpkin Face Mask, which is rich in vitamins A and C, beta-carotene, potassium and antioxidants. Pumpkin Face Mask helps nourish, smooth, soothe and calm the skin. It promotes collagen<\/p>","protected":false},"featured_media":3328,"comment_status":"open","ping_status":"closed","template":"","meta":[],"product_cat":[93],"product_tag":[73,74,84],"class_list":{"0":"post-3326","1":"product","2":"type-product","3":"status-publish","4":"has-post-thumbnail","6":"product_brand-esthemax","7":"product_cat-cream-face-mask","8":"product_tag-dry-skin","9":"product_tag-dull-skin","10":"product_tag-pigmentation","12":"first","13":"instock","14":"taxable","15":"shipping-taxable","16":"product-type-simple"},"_links":{"self":[{"href":"https:\/\/swissbeautypro.com\/fr\/wp-json\/wp\/v2\/product\/3326","targetHints":{"allow":["GET"]}}],"collection":[{"href":"https:\/\/swissbeautypro.com\/fr\/wp-json\/wp\/v2\/product"}],"about":[{"href":"https:\/\/swissbeautypro.com\/fr\/wp-json\/wp\/v2\/types\/product"}],"replies":[{"embeddable":true,"href":"https:\/\/swissbeautypro.com\/fr\/wp-json\/wp\/v2\/comments?post=3326"}],"version-history":[{"count":1,"href":"https:\/\/swissbeautypro.com\/fr\/wp-json\/wp\/v2\/product\/3326\/revisions"}],"predecessor-version":[{"id":3331,"href":"https:\/\/swissbeautypro.com\/fr\/wp-json\/wp\/v2\/product\/3326\/revisions\/3331"}],"wp:featuredmedia":[{"embeddable":true,"href":"https:\/\/swissbeautypro.com\/fr\/wp-json\/wp\/v2\/media\/3328"}],"wp:attachment":[{"href":"https:\/\/swissbeautypro.com\/fr\/wp-json\/wp\/v2\/media?parent=3326"}],"wp:term":[{"taxonomy":"product_cat","embeddable":true,"href":"https:\/\/swissbeautypro.com\/fr\/wp-json\/wp\/v2\/product_cat?post=3326"},{"taxonomy":"product_tag","embeddable":true,"href":"https:\/\/swissbeautypro.com\/fr\/wp-json\/wp\/v2\/product_tag?post=3326"}],"curies":[{"name":"wp","href":"https:\/\/api.w.org\/{rel}","templated":true}]}}